{"id":22,"date":"2022-11-17T17:19:10","date_gmt":"2022-11-17T17:19:10","guid":{"rendered":"https:\/\/www.speciamerica.org\/?page_id=22"},"modified":"2023-01-04T09:35:15","modified_gmt":"2023-01-04T09:35:15","slug":"roles-and-missions","status":"publish","type":"page","link":"https:\/\/www.speciamerica.org\/fr\/roles-and-missions\/","title":{"rendered":"R\u00f4les et Missions"},"content":{"rendered":"<div data-elementor-type=\"wp-page\" data-elementor-id=\"22\" class=\"elementor elementor-22\">\n\t\t\t\t\t\t<section class=\"elementor-section elementor-top-section elementor-element elementor-element-498c6e3 elementor-section-boxed elementor-section-height-default elementor-section-height-default\" data-id=\"498c6e3\" data-element_type=\"section\">\n\t\t\t\t\t\t<div class=\"elementor-container elementor-column-gap-default\">\n\t\t\t\t\t<div class=\"elementor-column elementor-col-100 elementor-top-column elementor-element elementor-element-e062509\" data-id=\"e062509\" data-element_type=\"column\">\n\t\t\t<div class=\"elementor-widget-wrap elementor-element-populated\">\n\t\t\t\t\t\t\t<\/div>\n\t\t<\/div>\n\t\t\t\t\t<\/div>\n\t\t<\/section>\n\t\t\t\t<section class=\"elementor-section elementor-top-section elementor-element elementor-element-b6a7fde elementor-section-boxed elementor-section-height-default elementor-section-height-default\" data-id=\"b6a7fde\" data-element_type=\"section\">\n\t\t\t\t\t\t<div class=\"elementor-container elementor-column-gap-default\">\n\t\t\t\t\t<div class=\"elementor-column elementor-col-100 elementor-top-column elementor-element elementor-element-e68a721\" data-id=\"e68a721\" data-element_type=\"column\">\n\t\t\t<div class=\"elementor-widget-wrap elementor-element-populated\">\n\t\t\t\t\t\t<section class=\"elementor-section elementor-inner-section elementor-element elementor-element-49e1ab1 elementor-section-content-bottom elementor-section-boxed elementor-section-height-default elementor-section-height-default\" data-id=\"49e1ab1\" data-element_type=\"section\">\n\t\t\t\t\t\t<div class=\"elementor-container elementor-column-gap-default\">\n\t\t\t\t\t<div class=\"elementor-column elementor-col-50 elementor-inner-column elementor-element elementor-element-ce426cb\" data-id=\"ce426cb\" data-element_type=\"column\">\n\t\t\t<div class=\"elementor-widget-wrap elementor-element-populated\">\n\t\t\t\t\t\t<div class=\"elementor-element elementor-element-55923a7 elementor-widget elementor-widget-text-editor\" data-id=\"55923a7\" data-element_type=\"widget\" data-widget_type=\"text-editor.default\">\n\t\t\t\t<div class=\"elementor-widget-container\">\n\t\t\t<style>\/*! elementor - v3.19.0 - 28-02-2024 *\/\n.elementor-widget-text-editor.elementor-drop-cap-view-stacked .elementor-drop-cap{background-color:#69727d;color:#fff}.elementor-widget-text-editor.elementor-drop-cap-view-framed .elementor-drop-cap{color:#69727d;border:3px solid;background-color:transparent}.elementor-widget-text-editor:not(.elementor-drop-cap-view-default) .elementor-drop-cap{margin-top:8px}.elementor-widget-text-editor:not(.elementor-drop-cap-view-default) .elementor-drop-cap-letter{width:1em;height:1em}.elementor-widget-text-editor .elementor-drop-cap{float:left;text-align:center;line-height:1;font-size:50px}.elementor-widget-text-editor .elementor-drop-cap-letter{display:inline-block}<\/style>\t\t\t\t<p>Les Services de Promotion Economique de la C\u00f4te d\u2019Ivoire aux Etats-Unis au Canada et au Mexique (SPECI), \u00e9tabli en 2012, r\u00e9sulte de la vision de S.E.M Alassane Ouattara Pr\u00e9sident de la R\u00e9publique de C\u00f4te, qui souhaite dynamiser la diplomatie \u00e9conomique ivoirienne aupr\u00e8s des investisseurs am\u00e9ricains.<\/p>\t\t\t\t\t\t<\/div>\n\t\t\t\t<\/div>\n\t\t\t\t<div class=\"elementor-element elementor-element-031a15d elementor-widget elementor-widget-heading\" data-id=\"031a15d\" data-element_type=\"widget\" data-widget_type=\"heading.default\">\n\t\t\t\t<div class=\"elementor-widget-container\">\n\t\t\t<style>\/*! elementor - v3.19.0 - 28-02-2024 *\/\n.elementor-heading-title{padding:0;margin:0;line-height:1}.elementor-widget-heading .elementor-heading-title[class*=elementor-size-]>a{color:inherit;font-size:inherit;line-height:inherit}.elementor-widget-heading .elementor-heading-title.elementor-size-small{font-size:15px}.elementor-widget-heading .elementor-heading-title.elementor-size-medium{font-size:19px}.elementor-widget-heading .elementor-heading-title.elementor-size-large{font-size:29px}.elementor-widget-heading .elementor-heading-title.elementor-size-xl{font-size:39px}.elementor-widget-heading .elementor-heading-title.elementor-size-xxl{font-size:59px}<\/style><h2 class=\"elementor-heading-title elementor-size-default\">A ce titre, il est charg\u00e9 de\u00a0:<\/h2>\t\t<\/div>\n\t\t\t\t<\/div>\n\t\t\t\t<div class=\"elementor-element elementor-element-a20648d elementor-widget elementor-widget-premium-icon-list\" data-id=\"a20648d\" data-element_type=\"widget\" data-settings=\"{&quot;rbadges_repeater&quot;:[]}\" data-widget_type=\"premium-icon-list.default\">\n\t\t\t\t<div class=\"elementor-widget-container\">\n\t\t\t\t\t\t<ul class=\"premium-bullet-list-box\">\r\n\t\t\r\n\t\t\t<li class=\"premium-bullet-list-content elementor-repeater-item-f857569 premium-bullet-list-content-grow-lc\">\r\n\t\t\t\t<div class=\"premium-bullet-list-text\">\r\n\t\t\t\t\t\t\t\t<div class=\"premium-bullet-list-wrapper\">\r\n\t\t\t\t\t<div class=\"premium-drawable-icon\"><i class=\"premium-svg-nodraw far fa-check-circle\" aria-hidden=\"true\"><\/i><\/div>\t\t\t\t<\/div>\r\n\t\t\t\t\r\n\t\t\t\t<span   data-text=\"Conduct, coordinate and monitor all economic, commercial and tourism related activities.\"> La conduite, de la coordination et du suivi de toutes les activit\u00e9s \u00e0 caract\u00e8re \u00e9conomique, commercial\u00a0et touristique\u00a0; <\/span>\r\n\t\t\t\t<\/div>\r\n\r\n\t\t\t\t\r\n\t\t\t\t\r\n\t\t\t<\/li>\r\n\r\n\t\t\t\t\r\n\t\t\t<li class=\"premium-bullet-list-content elementor-repeater-item-b8deb20 premium-bullet-list-content-grow-lc\">\r\n\t\t\t\t<div class=\"premium-bullet-list-text\">\r\n\t\t\t\t\t\t\t\t<div class=\"premium-bullet-list-wrapper\">\r\n\t\t\t\t\t<div class=\"premium-drawable-icon\"><i class=\"premium-svg-nodraw far fa-check-circle\" aria-hidden=\"true\"><\/i><\/div>\t\t\t\t<\/div>\r\n\t\t\t\t\r\n\t\t\t\t<span   data-text=\"Promote various economic sectors and product.\"> La promotion des diff\u00e9rents secteurs et des produits de l\u2019\u00e9conomie ivoirienne\u00a0; <\/span>\r\n\t\t\t\t<\/div>\r\n\r\n\t\t\t\t\r\n\t\t\t\t\r\n\t\t\t<\/li>\r\n\r\n\t\t\t\t\r\n\t\t\t<li class=\"premium-bullet-list-content elementor-repeater-item-57ef9d6 premium-bullet-list-content-grow-lc\">\r\n\t\t\t\t<div class=\"premium-bullet-list-text\">\r\n\t\t\t\t\t\t\t\t<div class=\"premium-bullet-list-wrapper\">\r\n\t\t\t\t\t<div class=\"premium-drawable-icon\"><i class=\"premium-svg-nodraw far fa-check-circle\" aria-hidden=\"true\"><\/i><\/div>\t\t\t\t<\/div>\r\n\t\t\t\t\r\n\t\t\t\t<span   data-text=\"Promote United States direct investment in Cote d\u2019Ivoire.\"> La promotion des investissements directs \u00e9trangers en C\u00f4te d\u2019Ivoire\u00a0; <\/span>\r\n\t\t\t\t<\/div>\r\n\r\n\t\t\t\t\r\n\t\t\t\t\r\n\t\t\t<\/li>\r\n\r\n\t\t\t\t\r\n\t\t\t<li class=\"premium-bullet-list-content elementor-repeater-item-e366599 premium-bullet-list-content-grow-lc\">\r\n\t\t\t\t<div class=\"premium-bullet-list-text\">\r\n\t\t\t\t\t\t\t\t<div class=\"premium-bullet-list-wrapper\">\r\n\t\t\t\t\t<div class=\"premium-drawable-icon\"><i class=\"premium-svg-nodraw far fa-check-circle\" aria-hidden=\"true\"><\/i><\/div>\t\t\t\t<\/div>\r\n\t\t\t\t\r\n\t\t\t\t<span   data-text=\"Attract funding from American investors.\"> La recherche de financements et de partenariats \u00e9trangers. <\/span>\r\n\t\t\t\t<\/div>\r\n\r\n\t\t\t\t\r\n\t\t\t\t\r\n\t\t\t<\/li>\r\n\r\n\t\t\t\t\t\t<\/ul>\r\n\t\t\t\t<\/div>\n\t\t\t\t<\/div>\n\t\t\t\t<div class=\"elementor-element elementor-element-2b3b779 elementor-widget elementor-widget-text-editor\" data-id=\"2b3b779\" data-element_type=\"widget\" data-widget_type=\"text-editor.default\">\n\t\t\t\t<div class=\"elementor-widget-container\">\n\t\t\t\t\t\t\t<p>Le Service de Promotion Economique de la C\u00f4te d\u2019Ivoire aux Etats-Unis, au Canada et au Mexique (SPECI-USA) a \u00e9t\u00e9 le premier SPEE \u00e0 \u00eatre install\u00e9 \u00e0 la suite de la r\u00e9forme de la politique de promotion \u00e9conomique ext\u00e9rieure.<\/p>\t\t\t\t\t\t<\/div>\n\t\t\t\t<\/div>\n\t\t\t\t\t<\/div>\n\t\t<\/div>\n\t\t\t\t<div class=\"elementor-column elementor-col-50 elementor-inner-column elementor-element elementor-element-e84e6b4\" data-id=\"e84e6b4\" data-element_type=\"column\">\n\t\t\t<div class=\"elementor-widget-wrap elementor-element-populated\">\n\t\t\t\t\t\t<div class=\"elementor-element elementor-element-5385c5c elementor-widget elementor-widget-text-editor\" data-id=\"5385c5c\" data-element_type=\"widget\" data-widget_type=\"text-editor.default\">\n\t\t\t\t<div class=\"elementor-widget-container\">\n\t\t\t\t\t\t\t<p>Les prochaines ann\u00e9es verront l\u2019installation de dix-huit (18) autres SPEE sur tous les continents. Le SPECI est sous la tutelle du Minist\u00e8re d\u2019Etat, Minist\u00e8re des Affaires Etrang\u00e8res, de l\u2019Int\u00e9gration Africaine et de la Diaspora et du Minist\u00e8re de l\u2019Economie et des Finances<br \/><br \/><\/p>\t\t\t\t\t\t<\/div>\n\t\t\t\t<\/div>\n\t\t\t\t<div class=\"elementor-element elementor-element-44492cb elementor-widget elementor-widget-heading\" data-id=\"44492cb\" data-element_type=\"widget\" data-widget_type=\"heading.default\">\n\t\t\t\t<div class=\"elementor-widget-container\">\n\t\t\t<h2 class=\"elementor-heading-title elementor-size-default\">Le SPECI s\u2019assure \u00e9galement de\u00a0:<\/h2>\t\t<\/div>\n\t\t\t\t<\/div>\n\t\t\t\t<div class=\"elementor-element elementor-element-5d751fa elementor-widget elementor-widget-premium-icon-list\" data-id=\"5d751fa\" data-element_type=\"widget\" data-settings=\"{&quot;rbadges_repeater&quot;:[]}\" data-widget_type=\"premium-icon-list.default\">\n\t\t\t\t<div class=\"elementor-widget-container\">\n\t\t\t\t\t\t<ul class=\"premium-bullet-list-box\">\r\n\t\t\r\n\t\t\t<li class=\"premium-bullet-list-content elementor-repeater-item-f857569 premium-bullet-list-content-grow-lc\">\r\n\t\t\t\t<div class=\"premium-bullet-list-text\">\r\n\t\t\t\t\t\t\t\t<div class=\"premium-bullet-list-wrapper\">\r\n\t\t\t\t\t<div class=\"premium-drawable-icon\"><i class=\"premium-svg-nodraw far fa-check-circle\" aria-hidden=\"true\"><\/i><\/div>\t\t\t\t<\/div>\r\n\t\t\t\t\r\n\t\t\t\t<span   data-text=\"The economic and Business Intelligence in terms of monitoring economic and financial activity;\"> La veille \u00e9conomique et strat\u00e9gique en termes de suivi de l\u2019activit\u00e9 \u00e9conomique et financi\u00e8re\u00a0; <\/span>\r\n\t\t\t\t<\/div>\r\n\r\n\t\t\t\t\r\n\t\t\t\t\r\n\t\t\t<\/li>\r\n\r\n\t\t\t\t\r\n\t\t\t<li class=\"premium-bullet-list-content elementor-repeater-item-b8deb20 premium-bullet-list-content-grow-lc\">\r\n\t\t\t\t<div class=\"premium-bullet-list-text\">\r\n\t\t\t\t\t\t\t\t<div class=\"premium-bullet-list-wrapper\">\r\n\t\t\t\t\t<div class=\"premium-drawable-icon\"><i class=\"premium-svg-nodraw far fa-check-circle\" aria-hidden=\"true\"><\/i><\/div>\t\t\t\t<\/div>\r\n\t\t\t\t\r\n\t\t\t\t<span   data-text=\"Commercial promotion in terms of identifying business and partnership opportunities, assistance to economic operators.\"> La promotion commerciale en termes d\u2019identification d\u2019opportunit\u00e9s d\u2019affaires et de partenariat, d\u2019assistance aux op\u00e9rateurs \u00e9conomiques. <\/span>\r\n\t\t\t\t<\/div>\r\n\r\n\t\t\t\t\r\n\t\t\t\t\r\n\t\t\t<\/li>\r\n\r\n\t\t\t\t\r\n\t\t\t<li class=\"premium-bullet-list-content elementor-repeater-item-57ef9d6 premium-bullet-list-content-grow-lc\">\r\n\t\t\t\t<div class=\"premium-bullet-list-text\">\r\n\t\t\t\t\t\t\t\t<div class=\"premium-bullet-list-wrapper\">\r\n\t\t\t\t\t<div class=\"premium-drawable-icon\"><i class=\"premium-svg-nodraw far fa-check-circle\" aria-hidden=\"true\"><\/i><\/div>\t\t\t\t<\/div>\r\n\t\t\t\t\r\n\t\t\t\t<span   data-text=\"The promotion of North American direct investments, the promotion of the National Development priority projects, identification of target partners, etc.\"> La promotion des investissements directs nord-am\u00e9ricains, la promotion des projets prioritaires du PND, l\u2019identification des partenaires cibles etc. <\/span>\r\n\t\t\t\t<\/div>\r\n\r\n\t\t\t\t\r\n\t\t\t\t\r\n\t\t\t<\/li>\r\n\r\n\t\t\t\t\r\n\t\t\t<li class=\"premium-bullet-list-content elementor-repeater-item-e366599 premium-bullet-list-content-grow-lc\">\r\n\t\t\t\t<div class=\"premium-bullet-list-text\">\r\n\t\t\t\t\t\t\t\t<div class=\"premium-bullet-list-wrapper\">\r\n\t\t\t\t\t<div class=\"premium-drawable-icon\"><i class=\"premium-svg-nodraw far fa-check-circle\" aria-hidden=\"true\"><\/i><\/div>\t\t\t\t<\/div>\r\n\t\t\t\t\r\n\t\t\t\t<span   data-text=\"Tourism promotion; in terms of managing the image of C\u00f4te d&#039;Ivoire, promoting Ivorian tourism opportunities and projects, etc.\"> La promotion touristique\u00a0; en termes de gestion de l\u2019image touristique de la C\u00f4te d\u2019Ivoire, de promotion des opportunit\u00e9s et projets touristiques ivoiriens etc. <\/span>\r\n\t\t\t\t<\/div>\r\n\r\n\t\t\t\t\r\n\t\t\t\t\r\n\t\t\t<\/li>\r\n\r\n\t\t\t\t\t\t<\/ul>\r\n\t\t\t\t<\/div>\n\t\t\t\t<\/div>\n\t\t\t\t\t<\/div>\n\t\t<\/div>\n\t\t\t\t\t<\/div>\n\t\t<\/section>\n\t\t\t\t\t<\/div>\n\t\t<\/div>\n\t\t\t\t\t<\/div>\n\t\t<\/section>\n\t\t\t\t<\/div>","protected":false},"excerpt":{"rendered":"<p>The Economic Promotion Service of C\u00f4te d&#8217;Ivoire to the United States, Canada and Mexico (SPECI) was established on July 12, 2012.It results of the vision and the initiative of His Excellency Mr. Alassane Dramane Ouattara to reposition C\u00f4te d&#8217;Ivoire on the international level and to attract massively the American investors. In a few words SPECI: [&hellip;]<\/p>","protected":false},"author":1,"featured_media":0,"parent":0,"menu_order":0,"comment_status":"closed","ping_status":"closed","template":"","meta":{"footnotes":""},"_links":{"self":[{"href":"https:\/\/www.speciamerica.org\/fr\/wp-json\/wp\/v2\/pages\/22"}],"collection":[{"href":"https:\/\/www.speciamerica.org\/fr\/wp-json\/wp\/v2\/pages"}],"about":[{"href":"https:\/\/www.speciamerica.org\/fr\/wp-json\/wp\/v2\/types\/page"}],"author":[{"embeddable":true,"href":"https:\/\/www.speciamerica.org\/fr\/wp-json\/wp\/v2\/users\/1"}],"replies":[{"embeddable":true,"href":"https:\/\/www.speciamerica.org\/fr\/wp-json\/wp\/v2\/comments?post=22"}],"version-history":[{"count":22,"href":"https:\/\/www.speciamerica.org\/fr\/wp-json\/wp\/v2\/pages\/22\/revisions"}],"predecessor-version":[{"id":937,"href":"https:\/\/www.speciamerica.org\/fr\/wp-json\/wp\/v2\/pages\/22\/revisions\/937"}],"wp:attachment":[{"href":"https:\/\/www.speciamerica.org\/fr\/wp-json\/wp\/v2\/media?parent=22"}],"curies":[{"name":"wp","href":"https:\/\/api.w.org\/{rel}","templated":true}]}}